{"id":74,"date":"2026-05-11T17:30:53","date_gmt":"2026-05-11T17:30:53","guid":{"rendered":"https:\/\/planocerobcn.com\/?page_id=74"},"modified":"2026-05-26T15:09:48","modified_gmt":"2026-05-26T15:09:48","slug":"serveis","status":"publish","type":"page","link":"https:\/\/planocerobcn.com\/ca\/servicios\/","title":{"rendered":"Serveis"},"content":{"rendered":"<div data-elementor-type=\"wp-page\" data-elementor-id=\"74\" class=\"elementor elementor-74\" data-elementor-post-type=\"page\">\n\t\t\t\t<div class=\"elementor-element elementor-element-2b8e1605 e-flex e-con-boxed e-con e-parent\" data-id=\"2b8e1605\" data-element_type=\"container\" data-e-type=\"container\">\n\t\t\t\t\t<div class=\"e-con-inner\">\n\t\t<div class=\"elementor-element elementor-element-29dc7ffc e-con-full e-flex e-con e-child\" data-id=\"29dc7ffc\" data-element_type=\"container\" data-e-type=\"container\">\n\t\t\t\t<div class=\"elementor-element elementor-element-5951f09d elementor-invisible elementor-widget elementor-widget-heading\" data-id=\"5951f09d\" data-element_type=\"widget\" data-e-type=\"widget\" data-settings=\"{&quot;_animation&quot;:&quot;fadeIn&quot;}\" data-widget_type=\"heading.default\">\n\t\t\t\t\t<h1 class=\"elementor-heading-title elementor-size-default\">Reformes d\u00b4interiors, interiorisme i arquitectura a Barcelona<\/h1>\t\t\t\t<\/div>\n\t\t\t\t<div class=\"elementor-element elementor-element-4d1d060c elementor-invisible elementor-widget elementor-widget-text-editor\" data-id=\"4d1d060c\" data-element_type=\"widget\" data-e-type=\"widget\" data-settings=\"{&quot;_animation&quot;:&quot;fadeIn&quot;}\" data-widget_type=\"text-editor.default\">\n\t\t\t\t\t\t\t\t\t<p>A <strong>Pl\u00e0nol Zero<\/strong> transformem espais amb proximitat, empatia i atenci\u00f3 personalitzada. Des del projecte arquitect\u00f2nic fins al darrer detall de decoraci\u00f3, acompanyem els nostres clients en tot el proc\u00e9s.<\/p>\t\t\t\t\t\t\t\t<\/div>\n\t\t\t\t<\/div>\n\t\t<div class=\"elementor-element elementor-element-7f579528 e-con-full e-flex e-con e-child\" data-id=\"7f579528\" data-element_type=\"container\" data-e-type=\"container\" data-settings=\"{&quot;background_background&quot;:&quot;classic&quot;}\">\n\t\t\t\t<\/div>\n\t\t\t\t\t<\/div>\n\t\t\t\t<\/div>\n\t\t<div class=\"elementor-element elementor-element-1529eccd e-flex e-con-boxed e-con e-parent\" data-id=\"1529eccd\" data-element_type=\"container\" data-e-type=\"container\">\n\t\t\t\t\t<div class=\"e-con-inner\">\n\t\t<div class=\"elementor-element elementor-element-7ba5e9d0 e-con-full e-flex e-con e-child\" data-id=\"7ba5e9d0\" data-element_type=\"container\" data-e-type=\"container\" data-settings=\"{&quot;background_background&quot;:&quot;classic&quot;}\">\n\t\t\t\t<\/div>\n\t\t\t\t\t<\/div>\n\t\t\t\t<\/div>\n\t\t<div class=\"elementor-element elementor-element-72fbfe16 e-flex e-con-boxed e-con e-parent\" data-id=\"72fbfe16\" data-element_type=\"container\" data-e-type=\"container\">\n\t\t\t\t\t<div class=\"e-con-inner\">\n\t\t<div class=\"elementor-element elementor-element-6c0bac4d e-con-full e-flex e-con e-child\" data-id=\"6c0bac4d\" data-element_type=\"container\" data-e-type=\"container\">\n\t\t\t\t<div class=\"elementor-element elementor-element-7b7c93f6 elementor-invisible elementor-widget elementor-widget-heading\" data-id=\"7b7c93f6\" data-element_type=\"widget\" data-e-type=\"widget\" data-settings=\"{&quot;_animation&quot;:&quot;fadeIn&quot;}\" data-widget_type=\"heading.default\">\n\t\t\t\t\t<h2 class=\"elementor-heading-title elementor-size-default\">Els nostres serveis<\/h2>\t\t\t\t<\/div>\n\t\t\t\t<\/div>\n\t\t\t\t\t<\/div>\n\t\t\t\t<\/div>\n\t\t<div class=\"elementor-element elementor-element-6ed13556 e-flex e-con-boxed e-con e-parent\" data-id=\"6ed13556\" data-element_type=\"container\" data-e-type=\"container\">\n\t\t\t\t\t<div class=\"e-con-inner\">\n\t\t<div class=\"elementor-element elementor-element-bcee84f e-con-full e-flex e-con e-child\" data-id=\"bcee84f\" data-element_type=\"container\" data-e-type=\"container\">\n\t\t<div class=\"elementor-element elementor-element-6d72afcc e-flex e-con-boxed e-con e-child\" data-id=\"6d72afcc\" data-element_type=\"container\" data-e-type=\"container\">\n\t\t\t\t\t<div class=\"e-con-inner\">\n\t\t\t\t<div class=\"elementor-element elementor-element-38d02169 elementor-position-inline-start elementor-widget__width-initial elementor-widget-mobile__width-inherit elementor-view-default elementor-mobile-position-block-start elementor-invisible elementor-widget elementor-widget-icon-box\" data-id=\"38d02169\" data-element_type=\"widget\" data-e-type=\"widget\" data-settings=\"{&quot;_animation&quot;:&quot;fadeIn&quot;}\" data-widget_type=\"icon-box.default\">\n\t\t\t\t\t\t\t<div class=\"elementor-icon-box-wrapper\">\n\n\t\t\t\t\t\t<div class=\"elementor-icon-box-icon\">\n\t\t\t\t<span  class=\"elementor-icon\">\n\t\t\t\t<i aria-hidden=\"true\" class=\"icon icon-idea1\"><\/i>\t\t\t\t<\/span>\n\t\t\t<\/div>\n\t\t\t\n\t\t\t\t\t\t<div class=\"elementor-icon-box-content\">\n\n\t\t\t\t\t\t\t\t\t<h2 class=\"elementor-icon-box-title\">\n\t\t\t\t\t\t<span  >\n\t\t\t\t\t\t\tArquitectura\t\t\t\t\t\t<\/span>\n\t\t\t\t\t<\/h2>\n\t\t\t\t\n\t\t\t\t\t\t\t\t\t<p class=\"elementor-icon-box-description\">\n\t\t\t\t\t\tProjectes de nova planta, ampliacions i reformes de vivendes i locals. Gestionem tots els tr\u00e0mits amb l?ajuntament: llic\u00e8ncies, visats i projecte t\u00e8cnic complet.\t\t\t\t\t<\/p>\n\t\t\t\t\n\t\t\t<\/div>\n\t\t\t\n\t\t<\/div>\n\t\t\t\t\t\t<\/div>\n\t\t\t\t<div class=\"elementor-element elementor-element-1e98f6ba elementor-position-inline-start elementor-widget__width-initial elementor-widget-mobile__width-inherit elementor-view-default elementor-mobile-position-block-start elementor-invisible elementor-widget elementor-widget-icon-box\" data-id=\"1e98f6ba\" data-element_type=\"widget\" data-e-type=\"widget\" data-settings=\"{&quot;_animation&quot;:&quot;fadeIn&quot;}\" data-widget_type=\"icon-box.default\">\n\t\t\t\t\t\t\t<div class=\"elementor-icon-box-wrapper\">\n\n\t\t\t\t\t\t<div class=\"elementor-icon-box-icon\">\n\t\t\t\t<span  class=\"elementor-icon\">\n\t\t\t\t<i aria-hidden=\"true\" class=\"icon icon-Mechanic\"><\/i>\t\t\t\t<\/span>\n\t\t\t<\/div>\n\t\t\t\n\t\t\t\t\t\t<div class=\"elementor-icon-box-content\">\n\n\t\t\t\t\t\t\t\t\t<h2 class=\"elementor-icon-box-title\">\n\t\t\t\t\t\t<span  >\n\t\t\t\t\t\t\tReformes Integrals\t\t\t\t\t\t<\/span>\n\t\t\t\t\t<\/h2>\n\t\t\t\t\n\t\t\t\t\t\t\t\t\t<p class=\"elementor-icon-box-description\">\n\t\t\t\t\t\tGesti\u00f3 completa de lobra: compres, coordinaci\u00f3 de gremis, terminis i permisos. Reformes de pisos complets en aproximadament 2 mesos, amb garantia postvenda inclosa.\t\t\t\t\t<\/p>\n\t\t\t\t\n\t\t\t<\/div>\n\t\t\t\n\t\t<\/div>\n\t\t\t\t\t\t<\/div>\n\t\t\t\t\t<\/div>\n\t\t\t\t<\/div>\n\t\t<div class=\"elementor-element elementor-element-4e826880 e-flex e-con-boxed e-con e-child\" data-id=\"4e826880\" data-element_type=\"container\" data-e-type=\"container\">\n\t\t\t\t\t<div class=\"e-con-inner\">\n\t\t\t\t<div class=\"elementor-element elementor-element-5d075f2 elementor-position-inline-start elementor-widget__width-initial elementor-widget-mobile__width-inherit elementor-view-default elementor-mobile-position-block-start elementor-invisible elementor-widget elementor-widget-icon-box\" data-id=\"5d075f2\" data-element_type=\"widget\" data-e-type=\"widget\" data-settings=\"{&quot;_animation&quot;:&quot;fadeIn&quot;}\" data-widget_type=\"icon-box.default\">\n\t\t\t\t\t\t\t<div class=\"elementor-icon-box-wrapper\">\n\n\t\t\t\t\t\t<div class=\"elementor-icon-box-icon\">\n\t\t\t\t<span  class=\"elementor-icon\">\n\t\t\t\t<i aria-hidden=\"true\" class=\"icon icon-hand_shake\"><\/i>\t\t\t\t<\/span>\n\t\t\t<\/div>\n\t\t\t\n\t\t\t\t\t\t<div class=\"elementor-icon-box-content\">\n\n\t\t\t\t\t\t\t\t\t<h2 class=\"elementor-icon-box-title\">\n\t\t\t\t\t\t<span  >\n\t\t\t\t\t\t\tInteriorisme\t\t\t\t\t\t<\/span>\n\t\t\t\t\t<\/h2>\n\t\t\t\t\n\t\t\t\t\t\t\t\t\t<p class=\"elementor-icon-box-description\">\n\t\t\t\t\t\tDisseny despais funcionals i est\u00e8tics adaptats al teu estil. Inclou selecci\u00f3 de mobiliari, renders 3D opcionals, moodboard i acompanyament de compres. Es pot contractar amb reforma o sense.\t\t\t\t\t<\/p>\n\t\t\t\t\n\t\t\t<\/div>\n\t\t\t\n\t\t<\/div>\n\t\t\t\t\t\t<\/div>\n\t\t\t\t<div class=\"elementor-element elementor-element-19b95541 elementor-position-inline-start elementor-widget__width-initial elementor-widget-mobile__width-inherit elementor-view-default elementor-mobile-position-block-start elementor-invisible elementor-widget elementor-widget-icon-box\" data-id=\"19b95541\" data-element_type=\"widget\" data-e-type=\"widget\" data-settings=\"{&quot;_animation&quot;:&quot;fadeIn&quot;}\" data-widget_type=\"icon-box.default\">\n\t\t\t\t\t\t\t<div class=\"elementor-icon-box-wrapper\">\n\n\t\t\t\t\t\t<div class=\"elementor-icon-box-icon\">\n\t\t\t\t<span  class=\"elementor-icon\">\n\t\t\t\t<i aria-hidden=\"true\" class=\"icon icon-pencil_art\"><\/i>\t\t\t\t<\/span>\n\t\t\t<\/div>\n\t\t\t\n\t\t\t\t\t\t<div class=\"elementor-icon-box-content\">\n\n\t\t\t\t\t\t\t\t\t<h2 class=\"elementor-icon-box-title\">\n\t\t\t\t\t\t<span  >\n\t\t\t\t\t\t\tDecoraci\u00f3\t\t\t\t\t\t<\/span>\n\t\t\t\t\t<\/h2>\n\t\t\t\t\n\t\t\t\t\t\t\t\t\t<p class=\"elementor-icon-box-description\">\n\t\t\t\t\t\tSelecci\u00f3 de materials, mobiliari, t\u00e8xtils, il\u00b7luminaci\u00f3 i acabats. Visites a showroom, compres acompanyades amb el client i propostes a mida per renovar l&#039;est\u00e8tica de qualsevol espai.\t\t\t\t\t<\/p>\n\t\t\t\t\n\t\t\t<\/div>\n\t\t\t\n\t\t<\/div>\n\t\t\t\t\t\t<\/div>\n\t\t\t\t\t<\/div>\n\t\t\t\t<\/div>\n\t\t\t\t<\/div>\n\t\t\t\t\t<\/div>\n\t\t\t\t<\/div>\n\t\t<div class=\"elementor-element elementor-element-64eeee14 e-flex e-con-boxed e-con e-parent\" data-id=\"64eeee14\" data-element_type=\"container\" data-e-type=\"container\">\n\t\t\t\t\t<div class=\"e-con-inner\">\n\t\t<div class=\"elementor-element elementor-element-79936ca5 e-con-full e-flex elementor-invisible e-con e-child\" data-id=\"79936ca5\" data-element_type=\"container\" data-e-type=\"container\" data-settings=\"{&quot;background_background&quot;:&quot;classic&quot;,&quot;animation&quot;:&quot;fadeIn&quot;}\">\n\t\t\t\t<div class=\"elementor-element elementor-element-796f3d1 elementor-widget elementor-widget-heading\" data-id=\"796f3d1\" data-element_type=\"widget\" data-e-type=\"widget\" data-widget_type=\"heading.default\">\n\t\t\t\t\t<h2 class=\"elementor-heading-title elementor-size-default\">Fem de tot i tot ho fem b\u00e9<\/h2>\t\t\t\t<\/div>\n\t\t\t\t<\/div>\n\t\t\t\t\t<\/div>\n\t\t\t\t<\/div>\n\t\t<div class=\"elementor-element elementor-element-91b482ca e-flex e-con-boxed e-con e-parent\" data-id=\"91b482ca\" data-element_type=\"container\" data-e-type=\"container\">\n\t\t\t\t\t<div class=\"e-con-inner\">\n\t\t<div class=\"elementor-element elementor-element-2429fe97 e-flex e-con-boxed e-con e-parent\" data-id=\"2429fe97\" data-element_type=\"container\" data-e-type=\"container\">\n\t\t\t\t\t<div class=\"e-con-inner\">\n\t\t\t\t<div class=\"elementor-element elementor-element-f43f02fc elementor-widget elementor-widget-heading\" data-id=\"f43f02fc\" data-element_type=\"widget\" data-e-type=\"widget\" data-widget_type=\"heading.default\">\n\t\t\t\t\t<h2 class=\"elementor-heading-title elementor-size-default\">Reformes d\u00b4interiors a Barcelona<\/h2>\t\t\t\t<\/div>\n\t\t\t\t<div class=\"elementor-element elementor-element-2c5679d3 elementor-widget elementor-widget-text-editor\" data-id=\"2c5679d3\" data-element_type=\"widget\" data-e-type=\"widget\" data-widget_type=\"text-editor.default\">\n\t\t\t\t\t\t\t\t\t<p>Canviem la distribuci\u00f3, els acabats i les instal\u00b7lacions del teu habitatge perqu\u00e8 funcioni com la necessites: reforma integral de pisos, instal\u00b7lacions, fusteria, paleta i pintura. Gestionem el projecte de principi a fi amb pressupost tancat, equip propi i terminis de lliurament clars. Si est\u00e0s valorant fer el pas, et recomanem la nostra guia sobre <a href=\"https:\/\/planocerobcn.com\/ca\/reformes-integrals-barcelona-com-triar\/\">com triar una empresa de reformes integrals a Barcelona<\/a> i l&#039;article sobre <a href=\"https:\/\/planocerobcn.com\/ca\/pressupost-reformes-integrals-barcelona\/\">qu\u00e8 valorar al pressupost de la teva reforma<\/a>.<\/p>\t\t\t\t\t\t\t\t<\/div>\n\t\t\t\t\t<\/div>\n\t\t\t\t<\/div>\n\t\t\t\t\t<\/div>\n\t\t\t\t<\/div>\n\t\t<div class=\"elementor-element elementor-element-a82e43c4 e-flex e-con-boxed e-con e-parent\" data-id=\"a82e43c4\" data-element_type=\"container\" data-e-type=\"container\">\n\t\t\t\t\t<div class=\"e-con-inner\">\n\t\t<div class=\"elementor-element elementor-element-8b41e155 e-flex e-con-boxed e-con e-parent\" data-id=\"8b41e155\" data-element_type=\"container\" data-e-type=\"container\">\n\t\t\t\t\t<div class=\"e-con-inner\">\n\t\t\t\t<div class=\"elementor-element elementor-element-bb262f8f elementor-widget elementor-widget-heading\" data-id=\"bb262f8f\" data-element_type=\"widget\" data-e-type=\"widget\" data-widget_type=\"heading.default\">\n\t\t\t\t\t<h2 class=\"elementor-heading-title elementor-size-default\">Projecte arquitect\u00f2nic a Barcelona<\/h2>\t\t\t\t<\/div>\n\t\t\t\t<div class=\"elementor-element elementor-element-ffa0a59b elementor-widget elementor-widget-text-editor\" data-id=\"ffa0a59b\" data-element_type=\"widget\" data-e-type=\"widget\" data-widget_type=\"text-editor.default\">\n\t\t\t\t\t\t\t\t\t<p>Desenvolupem el projecte arquitect\u00f2nic complet del teu habitatge o local: aixecament de pl\u00e0nols, avantprojecte, disseny, mem\u00f2ria valorada, gesti\u00f3 de llic\u00e8ncies municipals i direcci\u00f3 d&#039;obra. Coneixem la normativa de l&#039;ajuntament de Barcelona i us acompanyem des de la primera idea fins al final d&#039;obra, evitant sorpreses en tr\u00e0mits i terminis.<\/p>\t\t\t\t\t\t\t\t<\/div>\n\t\t\t\t\t<\/div>\n\t\t\t\t<\/div>\n\t\t\t\t\t<\/div>\n\t\t\t\t<\/div>\n\t\t<div class=\"elementor-element elementor-element-fac2b5de e-flex e-con-boxed e-con e-parent\" data-id=\"fac2b5de\" data-element_type=\"container\" data-e-type=\"container\">\n\t\t\t\t\t<div class=\"e-con-inner\">\n\t\t<div class=\"elementor-element elementor-element-9f52d8b9 e-flex e-con-boxed e-con e-parent\" data-id=\"9f52d8b9\" data-element_type=\"container\" data-e-type=\"container\">\n\t\t\t\t\t<div class=\"e-con-inner\">\n\t\t\t\t<div class=\"elementor-element elementor-element-cbe77acc elementor-widget elementor-widget-heading\" data-id=\"cbe77acc\" data-element_type=\"widget\" data-e-type=\"widget\" data-widget_type=\"heading.default\">\n\t\t\t\t\t<h2 class=\"elementor-heading-title elementor-size-default\">Interiorisme i assessorament de disseny interior<\/h2>\t\t\t\t<\/div>\n\t\t\t\t<div class=\"elementor-element elementor-element-ae2e59bc elementor-widget elementor-widget-text-editor\" data-id=\"ae2e59bc\" data-element_type=\"widget\" data-e-type=\"widget\" data-widget_type=\"text-editor.default\">\n\t\t\t\t\t\t\t\t\t<p>El nostre equip d\u00b4interiorisme estudia la llum, la distribuci\u00f3, els materials i el mobiliari a mida perqu\u00e8 el resultat tingui el teu segell personal. Tamb\u00e9 donem <strong>assessorament de disseny d&#039;interiors<\/strong> si nom\u00e9s necessites una segona opini\u00f3 professional: pl\u00e0nols, renders 3D, selecci\u00f3 de materials i paleta de color. Comen\u00e7a per descobrir <a href=\"https:\/\/planocerobcn.com\/ca\/quan-contractar-interiorisme-barcelona\/\">quan contractar interiorisme a Barcelona<\/a> o les nostres idees de <a href=\"https:\/\/planocerobcn.com\/ca\/decoracio-dinteriors-a-barcelona\/\">decoraci\u00f3 d&#039;interiors<\/a>.<\/p>\t\t\t\t\t\t\t\t<\/div>\n\t\t\t\t\t<\/div>\n\t\t\t\t<\/div>\n\t\t\t\t\t<\/div>\n\t\t\t\t<\/div>\n\t\t<div class=\"elementor-element elementor-element-2e055996 e-flex e-con-boxed e-con e-parent\" data-id=\"2e055996\" data-element_type=\"container\" data-e-type=\"container\">\n\t\t\t\t\t<div class=\"e-con-inner\">\n\t\t<div class=\"elementor-element elementor-element-10c26180 e-flex e-con-boxed e-con e-parent\" data-id=\"10c26180\" data-element_type=\"container\" data-e-type=\"container\">\n\t\t\t\t\t<div class=\"e-con-inner\">\n\t\t\t\t<div class=\"elementor-element elementor-element-d1075883 elementor-widget elementor-widget-heading\" data-id=\"d1075883\" data-element_type=\"widget\" data-e-type=\"widget\" data-widget_type=\"heading.default\">\n\t\t\t\t\t<h2 class=\"elementor-heading-title elementor-size-default\">Reformes a Sant Mart\u00ed i tot Barcelona<\/h2>\t\t\t\t<\/div>\n\t\t\t\t<div class=\"elementor-element elementor-element-8186cf2a elementor-widget elementor-widget-text-editor\" data-id=\"8186cf2a\" data-element_type=\"widget\" data-e-type=\"widget\" data-widget_type=\"text-editor.default\">\n\t\t\t\t\t\t\t\t\t<p>El nostre estudi \u00e9s al carrer Josep Pla 188, al districte de Sant Mart\u00ed (08020, Barcelona), i treballem a tots els barris de la ciutat. La proximitat ens permet acompanyar-te de porta a porta durant tota la reforma. Llegeix qu\u00e8 valoren els clients de <a href=\"https:\/\/planocerobcn.com\/ca\/reformes-integrals-sant-marti-cercania\/\">reformes integrals a Sant Mart\u00ed<\/a> o els <a href=\"https:\/\/planocerobcn.com\/ca\/errors-contractar-reformes-integrals-sant-marti\/\">errors m\u00e9s freq\u00fcents en contractar una reforma<\/a>.<\/p>\t\t\t\t\t\t\t\t<\/div>\n\t\t\t\t\t<\/div>\n\t\t\t\t<\/div>\n\t\t\t\t\t<\/div>\n\t\t\t\t<\/div>\n\t\t\t\t<\/div>","protected":false},"excerpt":{"rendered":"<p>Reformes d&#039;interiors, interiorisme i arquitectura a Barcelona A Plano Cero transformem espais amb proximitat, empatia i atenci\u00f3 personalitzada. Des del projecte arquitect\u00f2nic fins al darrer detall de decoraci\u00f3, acompanyem els nostres clients en tot el proc\u00e9s. Els nostres serveis Arquitectura Projectes de nova planta, ampliacions i reformes de vivendes i locals. Gestionem tots els tr\u00e0mits [\u2026]<\/p>","protected":false},"author":2,"featured_media":0,"parent":0,"menu_order":0,"comment_status":"closed","ping_status":"closed","template":"","meta":{"_angie_page":false,"footnotes":""},"class_list":["post-74","page","type-page","status-publish","hentry"],"_links":{"self":[{"href":"https:\/\/planocerobcn.com\/ca\/wp-json\/wp\/v2\/pages\/74","targetHints":{"allow":["GET"]}}],"collection":[{"href":"https:\/\/planocerobcn.com\/ca\/wp-json\/wp\/v2\/pages"}],"about":[{"href":"https:\/\/planocerobcn.com\/ca\/wp-json\/wp\/v2\/types\/page"}],"author":[{"embeddable":true,"href":"https:\/\/planocerobcn.com\/ca\/wp-json\/wp\/v2\/users\/2"}],"replies":[{"embeddable":true,"href":"https:\/\/planocerobcn.com\/ca\/wp-json\/wp\/v2\/comments?post=74"}],"version-history":[{"count":29,"href":"https:\/\/planocerobcn.com\/ca\/wp-json\/wp\/v2\/pages\/74\/revisions"}],"predecessor-version":[{"id":269,"href":"https:\/\/planocerobcn.com\/ca\/wp-json\/wp\/v2\/pages\/74\/revisions\/269"}],"wp:attachment":[{"href":"https:\/\/planocerobcn.com\/ca\/wp-json\/wp\/v2\/media?parent=74"}],"curies":[{"name":"wp","href":"https:\/\/api.w.org\/{rel}","templated":true}]}}